{"id":564,"date":"2022-10-01T21:25:29","date_gmt":"2022-10-02T00:25:29","guid":{"rendered":"https:\/\/asocelcuenco.com.ar\/?page_id=564"},"modified":"2022-10-01T21:29:44","modified_gmt":"2022-10-02T00:29:44","slug":"nuestra-escuela","status":"publish","type":"page","link":"https:\/\/asocelcuenco.com.ar\/index.php\/nuestra-escuela\/","title":{"rendered":"Nuestra Escuela"},"content":{"rendered":"\t\t<div data-elementor-type=\"wp-post\" data-elementor-id=\"564\" class=\"elementor elementor-564\">\n\t\t\t\t\t\t<div class=\"elementor-inner\">\n\t\t\t\t<div class=\"elementor-section-wrap\">\n\t\t\t\t\t\t\t\t\t<section class=\"elementor-section elementor-top-section elementor-element elementor-element-7ce5696 elementor-section-boxed elementor-section-height-default elementor-section-height-default\" data-id=\"7ce5696\" data-element_type=\"section\">\n\t\t\t\t\t\t<div class=\"elementor-container elementor-column-gap-default\">\n\t\t\t\t\t\t\t<div class=\"elementor-row\">\n\t\t\t\t\t<div class=\"aux-parallax-section elementor-column elementor-col-100 elementor-top-column elementor-element elementor-element-5461e0d\" data-id=\"5461e0d\" data-element_type=\"column\">\n\t\t\t<div class=\"elementor-column-wrap elementor-element-populated\">\n\t\t\t\t\t\t\t<div class=\"elementor-widget-wrap\">\n\t\t\t\t\t\t<div class=\"elementor-element elementor-element-853043e elementor-widget elementor-widget-aux_divider\" data-id=\"853043e\" data-element_type=\"widget\" data-widget_type=\"aux_divider.default\">\n\t\t\t\t<div class=\"elementor-widget-container\">\n\t\t\t<hr class=\"aux-divider-center\" >\t\t<\/div>\n\t\t\t\t<\/div>\n\t\t\t\t\t\t<\/div>\n\t\t\t\t\t<\/div>\n\t\t<\/div>\n\t\t\t\t\t\t\t\t<\/div>\n\t\t\t\t\t<\/div>\n\t\t<\/section>\n\t\t\t\t<section class=\"elementor-section elementor-top-section elementor-element elementor-element-531430c elementor-section-boxed elementor-section-height-default elementor-section-height-default\" data-id=\"531430c\" data-element_type=\"section\">\n\t\t\t\t\t\t<div class=\"elementor-container elementor-column-gap-default\">\n\t\t\t\t\t\t\t<div class=\"elementor-row\">\n\t\t\t\t\t<div class=\"aux-parallax-section elementor-column elementor-col-50 elementor-top-column elementor-element elementor-element-20a41ef\" data-id=\"20a41ef\" data-element_type=\"column\">\n\t\t\t<div class=\"elementor-column-wrap elementor-element-populated\">\n\t\t\t\t\t\t\t<div class=\"elementor-widget-wrap\">\n\t\t\t\t\t\t<div class=\"elementor-element elementor-element-1f63cfe elementor-aspect-ratio-169 elementor-widget elementor-widget-video\" data-id=\"1f63cfe\" data-element_type=\"widget\" data-settings=\"{&quot;youtube_url&quot;:&quot;https:\\\/\\\/youtu.be\\\/8dd0jWQHD8w&quot;,&quot;video_type&quot;:&quot;youtube&quot;,&quot;controls&quot;:&quot;yes&quot;,&quot;aspect_ratio&quot;:&quot;169&quot;}\" data-widget_type=\"video.default\">\n\t\t\t\t<div class=\"elementor-widget-container\">\n\t\t\t\t\t<div class=\"elementor-wrapper elementor-fit-aspect-ratio elementor-open-inline\">\n\t\t\t<div class=\"elementor-video\"><\/div>\t\t<\/div>\n\t\t\t\t<\/div>\n\t\t\t\t<\/div>\n\t\t\t\t<div class=\"elementor-element elementor-element-7ba1d21 elementor-widget elementor-widget-text-editor\" data-id=\"7ba1d21\" data-element_type=\"widget\" data-widget_type=\"text-editor.default\">\n\t\t\t\t<div class=\"elementor-widget-container\">\n\t\t\t\t\t\t\t\t<div class=\"elementor-text-editor elementor-clearfix\">\n\t\t\t\t<p>Luego de varios a\u00f1os de gesti\u00f3n, capacitaci\u00f3n, formaci\u00f3n del equipo docente y frente a la creciente necesidad de continuidad pedag\u00f3gica de familias y estudiantes, en 2021 iniciamos con el proyecto de Nivel Secundario con primer a\u00f1o, en 2022 con primero y segundo, y as\u00ed sucesivamente acompa\u00f1ando el crecimiento org\u00e1nico de la matricula.<\/p><p>El Cuenco nace en La Villa de Merlo, zona cuya poblaci\u00f3n crece exponencialmente hace ya varios a\u00f1os, principalmente a ra\u00edz de la llegada de familias que migran desde grandes ciudades, en busca de una vida m\u00e1s tranquila. Esto implica una necesidad de vacantes escolares en constante crecimiento y una b\u00fasqueda de alternativas educativas impulsadas por una mirada integral del Ser Humano.<\/p><p>La pedagog\u00eda que nos orienta impulsa la autoeducaci\u00f3n y formaci\u00f3n permanente de todos los integrantes del proyecto; Cuerpo Docente, Comisi\u00f3n Directiva y Familias.<br \/><br \/>El cuerpo docente adem\u00e1s de su titulaci\u00f3n de base, contin\u00faa form\u00e1ndose en el Seminario de Pedagog\u00eda Waldorf para maestros de Primaria y en el Seminario de Pedagog\u00eda Waldorf para profesores de Secundaria. Tambi\u00e9n los integrantes de la Comisi\u00f3n Directiva y el cuerpo no docente se forman en estos Seminarios, haciendo m\u00e1s org\u00e1nica la tarea y de una reflexi\u00f3n permanente sobre la pr\u00e1ctica educativa, tanto en su aspecto pedag\u00f3gico como en el organizativo.<\/p><p>Adem\u00e1s, la escuela fomenta y organiza, de manera permanente, cursos de capacitaci\u00f3n, talleres, conferencias y otras actividades coordinadas por especialistas en la materia, dirigidas no tan solo a la comunidad escolar, sino a la poblaci\u00f3n en general. La tarea de formaci\u00f3n se extiende tambi\u00e9n a los eventos participativos con un fuerte car\u00e1cter social y comunitario.<\/p><p>La participaci\u00f3n activa de todos los integrantes del proyecto, es uno de los pilares que nos sostienen; la inclusi\u00f3n e involucramiento permanente de las familias, son la base de un impulso que promueve desde las pr\u00e1cticas cotidianas, los lazos solidarios y cooperativos; el trabajo permanente en la pr\u00e1ctica concreta de la fraternidad econ\u00f3mica, como ideal a alcanzar. Esta mirada de lo social tiene fuertes bases en la autogesti\u00f3n.<\/p><p>Nuestra escuela busca necesariamente el ejercicio de un di\u00e1logo respetuoso, el desarrollo de la capacidad de escucha y reflexi\u00f3n permanente sobre la tarea, reforzando pr\u00e1cticas de tolerancia y convivencia democr\u00e1tica. La coherencia de los adultos en este plano constituye en s\u00ed misma, una s\u00f3lida base sobre la que se sustenta el aprendizaje de los j\u00f3venes, a partir del modelo digno de imitar.<\/p>\t\t\t\t\t<\/div>\n\t\t\t\t\t\t<\/div>\n\t\t\t\t<\/div>\n\t\t\t\t\t\t<\/div>\n\t\t\t\t\t<\/div>\n\t\t<\/div>\n\t\t\t\t<div class=\"aux-parallax-section elementor-column elementor-col-50 elementor-top-column elementor-element elementor-element-f18f396\" data-id=\"f18f396\" data-element_type=\"column\">\n\t\t\t<div class=\"elementor-column-wrap elementor-element-populated\">\n\t\t\t\t\t\t\t<div class=\"elementor-widget-wrap\">\n\t\t\t\t\t\t<div class=\"elementor-element elementor-element-5dcd241 aux-appear-watch-animation aux-fade-in-up-1 elementor-widget elementor-widget-aux_modern_heading\" data-id=\"5dcd241\" data-element_type=\"widget\" data-widget_type=\"aux_modern_heading.default\">\n\t\t\t\t<div class=\"elementor-widget-container\">\n\t\t\t<section class=\"aux-widget-modern-heading\">\n            <div class=\"aux-widget-inner\"><h2 class=\"aux-modern-heading-primary\">Nuestra Escuela<\/h2><h3 class=\"aux-modern-heading-secondary\"><span class=\"aux-head-highlight\">RESE\u00d1A HISTORICA<\/span><span class=\"aux-head-after\"> FUNDAMENTACI\u00d3N<\/span><\/h3><div class=\"aux-modern-heading-description\"><p>El Cuenco es una escuela autogestionada de gesti\u00f3n privada, que inicia su actividad en el a\u00f1o 2013, a partir del impulso de un grupo de familias y docentes que comienzan a trabajar en el a\u00f1o 2012, en un proyecto educativo integral con base en la Pedagog\u00eda Waldorf. Actualmente la escuela cuenta con Nivel Inicial y Primaria adscriptos a la ense\u00f1anza oficial.<\/p><\/div><\/div>\n        <\/section>\t\t<\/div>\n\t\t\t\t<\/div>\n\t\t\t\t<div class=\"elementor-element elementor-element-b3e9b3e aux-shpe-type-circle elementor-widget elementor-widget-aux_simple_shape\" data-id=\"b3e9b3e\" data-element_type=\"widget\" data-widget_type=\"aux_simple_shape.default\">\n\t\t\t\t<div class=\"elementor-widget-container\">\n\t\t\t    <div class=\"aux-widget-container aux-simple-shape-container\">\n        <div class=\"aux-widget-container-inner\">\n            <div class=\"aux-the-shape\"><\/div>\n        <\/div>\n    <\/div>\n    \t\t<\/div>\n\t\t\t\t<\/div>\n\t\t\t\t<div class=\"elementor-element elementor-element-5c3cb31 elementor-widget elementor-widget-image\" data-id=\"5c3cb31\" data-element_type=\"widget\" data-widget_type=\"image.default\">\n\t\t\t\t<div class=\"elementor-widget-container\">\n\t\t\t\t\t\t\t\t<div class=\"elementor-image\">\n\t\t\t\t\t\t\t\t\t\t\t\t<img width=\"650\" height=\"433\" src=\"https:\/\/asocelcuenco.com.ar\/wp-content\/uploads\/2022\/09\/Copia-de-fiestaVerano-1-ch.jpg\" class=\"attachment-large size-large\" alt=\"\" loading=\"lazy\" \/>\t\t\t\t\t\t\t\t\t\t\t\t\t\t<\/div>\n\t\t\t\t\t\t<\/div>\n\t\t\t\t<\/div>\n\t\t\t\t<div class=\"elementor-element elementor-element-b86e22c elementor-widget__width-auto aux-appear-watch-animation aux-fade-in-up elementor-widget elementor-widget-aux_modern_button\" data-id=\"b86e22c\" data-element_type=\"widget\" data-widget_type=\"aux_modern_button.default\">\n\t\t\t\t<div class=\"elementor-widget-container\">\n\t\t\t    <div class=\"aux-modern-button-wrapper aux-modern-button-align-left\" >\n        <span class=\"aux-lightbox-video \">            <a class=\"aux-modern-button aux-black aux-modern-button-md aux-modern-button-normal aux-modern-button-default aux-icon-left aux-open-video\" href=\"https:\/\/youtu.be\/8dd0jWQHD8w\" data-type=\"video\">\n                <div class=\"aux-overlay\"><\/div>\n                                    <div class=\"aux-icon \">\n                        <i aria-hidden=\"true\" class=\"auxicon2 auxicon2-play-triangle\"><\/i>                    <\/div>\n                                <div class=\"aux-text\">\n<span class=\"aux-text-before\">Ver Video<\/span>                <\/div>\n            <\/a>\n            <\/span>\n    <\/div>\n\n    \t\t<\/div>\n\t\t\t\t<\/div>\n\t\t\t\t\t\t<\/div>\n\t\t\t\t\t<\/div>\n\t\t<\/div>\n\t\t\t\t\t\t\t\t<\/div>\n\t\t\t\t\t<\/div>\n\t\t<\/section>\n\t\t\t\t<section class=\"elementor-section elementor-top-section elementor-element elementor-element-cae4adf elementor-section-boxed elementor-section-height-default elementor-section-height-default\" data-id=\"cae4adf\" data-element_type=\"section\">\n\t\t\t\t\t\t<div class=\"elementor-container elementor-column-gap-default\">\n\t\t\t\t\t\t\t<div class=\"elementor-row\">\n\t\t\t\t\t<div class=\"aux-parallax-section elementor-column elementor-col-100 elementor-top-column elementor-element elementor-element-76fa4b8 aux-appear-watch-animation aux-scale-up\" data-id=\"76fa4b8\" data-element_type=\"column\" data-settings=\"{&quot;background_background&quot;:&quot;classic&quot;}\">\n\t\t\t<div class=\"elementor-column-wrap elementor-element-populated\">\n\t\t\t\t\t\t\t<div class=\"elementor-widget-wrap\">\n\t\t\t\t\t\t<div class=\"elementor-element elementor-element-aeb568b aux-appear-watch-animation aux-fade-in-up-1 elementor-widget elementor-widget-aux_modern_heading\" data-id=\"aeb568b\" data-element_type=\"widget\" data-widget_type=\"aux_modern_heading.default\">\n\t\t\t\t<div class=\"elementor-widget-container\">\n\t\t\t<section class=\"aux-widget-modern-heading\">\n            <div class=\"aux-widget-inner\"><h2 class=\"aux-modern-heading-primary\">Niveles educativos<\/h2><div class=\"aux-modern-heading-description\"><p>Nuestros Niveles<\/p><\/div><\/div>\n        <\/section>\t\t<\/div>\n\t\t\t\t<\/div>\n\t\t\t\t<section class=\"elementor-section elementor-inner-section elementor-element elementor-element-d2f048c elementor-section-boxed elementor-section-height-default elementor-section-height-default\" data-id=\"d2f048c\" data-element_type=\"section\">\n\t\t\t\t\t\t<div class=\"elementor-container elementor-column-gap-default\">\n\t\t\t\t\t\t\t<div class=\"elementor-row\">\n\t\t\t\t\t<div class=\"aux-parallax-section elementor-column elementor-col-33 elementor-inner-column elementor-element elementor-element-0c0dbaf aux-appear-watch-animation aux-fade-in-right-1\" data-id=\"0c0dbaf\" data-element_type=\"column\">\n\t\t\t<div class=\"elementor-column-wrap elementor-element-populated\">\n\t\t\t\t\t\t\t<div class=\"elementor-widget-wrap\">\n\t\t\t\t\t\t<div class=\"elementor-element elementor-element-d8199b5 elementor-widget elementor-widget-aux_text\" data-id=\"d8199b5\" data-element_type=\"widget\" data-widget_type=\"aux_text.default\">\n\t\t\t\t<div class=\"elementor-widget-container\">\n\t\t\t<section class=\"widget-container aux-widget-text aux-parent-aud837110a\" style=\"\" >        <div class=\"aux-widget-advanced-text aux-wrap-style-simple aux-ico-pos-top aux-text-center aux-text-resp- aux-text-color-dark aux-text-widget-bg-center aux-text-no-content \" >\n        \n                            <div class=\"aux-text-widget-header \"  >\n                        <div class=\"aux-ico-box aux-ico-large aux-img-box aux-ico-shape-default aux-ico-clear \">\n                                                                <img loading=\"lazy\" width=\"597\" height=\"400\" src=\"https:\/\/asocelcuenco.com.ar\/wp-content\/uploads\/2021\/10\/Foto-inicial-40x27.jpg\" class=\"aux-attachment aux-featured-image aux-attachment-id-295 aux-preload aux-has-preview\" alt=\"Foto-inicial\" data-ratio=\"1.49\" data-original-w=\"597\" data-src=\"https:\/\/asocelcuenco.com.ar\/wp-content\/uploads\/2021\/10\/Foto-inicial.jpg\" \/>                                                    <\/div>\n                <\/div>\n            \n            <div class=\"aux-text-inner aux-text-widget-content\">\n                                <h4 class=\"col-title\">Inicial<\/h4>\n                            <\/div>\n        <\/div>\n                    <div class=\"aux-text-widget-footer\">\n                <div class=\"aux-border-shape-none \">\n                                <\/div>\n            <\/div>\n        \n<\/section><!-- widget-container -->\t\t<\/div>\n\t\t\t\t<\/div>\n\t\t\t\t<div class=\"elementor-element elementor-element-509e61c elementor-widget elementor-widget-aux_image\" data-id=\"509e61c\" data-element_type=\"widget\" data-widget_type=\"aux_image.default\">\n\t\t\t\t<div class=\"elementor-widget-container\">\n\t\t\t<section class=\"widget-container aux-widget-image aux-alignnone aux-parent-au16d9d69d\" style=\"\" >\n    <div class=\"aux-media-hint-frame \">\n        <div class=\"aux-media-image \" >\n        \n            \n\n            \n            <img loading=\"lazy\" width=\"460\" height=\"460\" src=\"https:\/\/asocelcuenco.com.ar\/wp-content\/uploads\/2020\/01\/Ellipse-9.svg\" class=\"aux-attachment aux-featured-image aux-attachment-id-228\" alt=\"demo-attachment-116-Ellipse-9\" srcset=\"https:\/\/asocelcuenco.com.ar\/wp-content\/uploads\/2020\/01\/Ellipse-9.svg 150w,https:\/\/asocelcuenco.com.ar\/wp-content\/uploads\/2020\/01\/Ellipse-9.svg 300w,https:\/\/asocelcuenco.com.ar\/wp-content\/uploads\/2020\/01\/Ellipse-9.svg 460w\" data-ratio=\"1\" data-original-w=\"460\" sizes=\"(max-width:479px) 480px,(max-width:767px) 768px,(max-width:1023px) 1024px,460px\" \/>            \n                <\/div>\n    <\/div>\n\n<\/section><!-- widget-container -->\t\t<\/div>\n\t\t\t\t<\/div>\n\t\t\t\t\t\t<\/div>\n\t\t\t\t\t<\/div>\n\t\t<\/div>\n\t\t\t\t<div class=\"aux-parallax-section elementor-column elementor-col-33 elementor-inner-column elementor-element elementor-element-6d77e46 aux-appear-watch-animation aux-fade-in-right-1\" data-id=\"6d77e46\" data-element_type=\"column\">\n\t\t\t<div class=\"elementor-column-wrap elementor-element-populated\">\n\t\t\t\t\t\t\t<div class=\"elementor-widget-wrap\">\n\t\t\t\t\t\t<div class=\"elementor-element elementor-element-06b760e elementor-widget elementor-widget-aux_text\" data-id=\"06b760e\" data-element_type=\"widget\" data-widget_type=\"aux_text.default\">\n\t\t\t\t<div class=\"elementor-widget-container\">\n\t\t\t<section class=\"widget-container aux-widget-text aux-parent-au403e2e63\" style=\"\" >        <div class=\"aux-widget-advanced-text aux-wrap-style-simple aux-ico-pos-top aux-text-center aux-text-resp- aux-text-color-dark aux-text-widget-bg-center aux-text-no-content \" >\n        \n                            <div class=\"aux-text-widget-header \"  >\n                        <div class=\"aux-ico-box aux-ico-large aux-img-box aux-ico-shape-default aux-ico-clear \">\n                                                                <img loading=\"lazy\" width=\"597\" height=\"400\" src=\"https:\/\/asocelcuenco.com.ar\/wp-content\/uploads\/2021\/10\/primaria-40x27.jpg\" class=\"aux-attachment aux-featured-image aux-attachment-id-297 aux-preload aux-has-preview\" alt=\"primaria\" data-ratio=\"1.49\" data-original-w=\"597\" data-src=\"https:\/\/asocelcuenco.com.ar\/wp-content\/uploads\/2021\/10\/primaria.jpg\" \/>                                                    <\/div>\n                <\/div>\n            \n            <div class=\"aux-text-inner aux-text-widget-content\">\n                                <h4 class=\"col-title\">Primara<\/h4>\n                            <\/div>\n        <\/div>\n                    <div class=\"aux-text-widget-footer\">\n                <div class=\"aux-border-shape-none \">\n                                <\/div>\n            <\/div>\n        \n<\/section><!-- widget-container -->\t\t<\/div>\n\t\t\t\t<\/div>\n\t\t\t\t<div class=\"elementor-element elementor-element-61cc4e6 elementor-widget elementor-widget-aux_image\" data-id=\"61cc4e6\" data-element_type=\"widget\" data-widget_type=\"aux_image.default\">\n\t\t\t\t<div class=\"elementor-widget-container\">\n\t\t\t<section class=\"widget-container aux-widget-image aux-alignnone aux-parent-au20b150dc\" style=\"\" >\n    <div class=\"aux-media-hint-frame \">\n        <div class=\"aux-media-image \" >\n        \n            \n\n            \n            <img loading=\"lazy\" width=\"460\" height=\"460\" src=\"https:\/\/asocelcuenco.com.ar\/wp-content\/uploads\/2020\/01\/Ellipse-9.svg\" class=\"aux-attachment aux-featured-image aux-attachment-id-228\" alt=\"demo-attachment-116-Ellipse-9\" srcset=\"https:\/\/asocelcuenco.com.ar\/wp-content\/uploads\/2020\/01\/Ellipse-9.svg 150w,https:\/\/asocelcuenco.com.ar\/wp-content\/uploads\/2020\/01\/Ellipse-9.svg 300w,https:\/\/asocelcuenco.com.ar\/wp-content\/uploads\/2020\/01\/Ellipse-9.svg 460w\" data-ratio=\"1\" data-original-w=\"460\" sizes=\"(max-width:479px) 480px,(max-width:767px) 768px,(max-width:1023px) 1024px,460px\" \/>            \n                <\/div>\n    <\/div>\n\n<\/section><!-- widget-container -->\t\t<\/div>\n\t\t\t\t<\/div>\n\t\t\t\t\t\t<\/div>\n\t\t\t\t\t<\/div>\n\t\t<\/div>\n\t\t\t\t<div class=\"aux-parallax-section elementor-column elementor-col-33 elementor-inner-column elementor-element elementor-element-ecc7f83 aux-appear-watch-animation aux-fade-in-right-1\" data-id=\"ecc7f83\" data-element_type=\"column\">\n\t\t\t<div class=\"elementor-column-wrap elementor-element-populated\">\n\t\t\t\t\t\t\t<div class=\"elementor-widget-wrap\">\n\t\t\t\t\t\t<div class=\"elementor-element elementor-element-3a1242d elementor-widget elementor-widget-aux_text\" data-id=\"3a1242d\" data-element_type=\"widget\" data-widget_type=\"aux_text.default\">\n\t\t\t\t<div class=\"elementor-widget-container\">\n\t\t\t<section class=\"widget-container aux-widget-text aux-parent-au34485de9\" style=\"\" >        <div class=\"aux-widget-advanced-text aux-wrap-style-simple aux-ico-pos-top aux-text-center aux-text-resp- aux-text-color-dark aux-text-widget-bg-center aux-text-no-content \" >\n        \n                            <div class=\"aux-text-widget-header \"  >\n                        <div class=\"aux-ico-box aux-ico-large aux-img-box aux-ico-shape-default aux-ico-clear \">\n                                                                <img loading=\"lazy\" width=\"597\" height=\"400\" src=\"https:\/\/asocelcuenco.com.ar\/wp-content\/uploads\/2021\/10\/secundaria-40x27.jpg\" class=\"aux-attachment aux-featured-image aux-attachment-id-298 aux-preload aux-has-preview\" alt=\"secundaria\" data-ratio=\"1.49\" data-original-w=\"597\" data-src=\"https:\/\/asocelcuenco.com.ar\/wp-content\/uploads\/2021\/10\/secundaria.jpg\" \/>                                                    <\/div>\n                <\/div>\n            \n            <div class=\"aux-text-inner aux-text-widget-content\">\n                                <h4 class=\"col-title\">Secundaria<\/h4>\n                            <\/div>\n        <\/div>\n                    <div class=\"aux-text-widget-footer\">\n                <div class=\"aux-border-shape-none \">\n                                <\/div>\n            <\/div>\n        \n<\/section><!-- widget-container -->\t\t<\/div>\n\t\t\t\t<\/div>\n\t\t\t\t<div class=\"elementor-element elementor-element-2c45821 elementor-widget elementor-widget-aux_image\" data-id=\"2c45821\" data-element_type=\"widget\" data-widget_type=\"aux_image.default\">\n\t\t\t\t<div class=\"elementor-widget-container\">\n\t\t\t<section class=\"widget-container aux-widget-image aux-alignnone aux-parent-au99d5545c\" style=\"\" >\n    <div class=\"aux-media-hint-frame \">\n        <div class=\"aux-media-image \" >\n        \n            \n\n            \n            <img loading=\"lazy\" width=\"460\" height=\"460\" src=\"https:\/\/asocelcuenco.com.ar\/wp-content\/uploads\/2020\/01\/Ellipse-9.svg\" class=\"aux-attachment aux-featured-image aux-attachment-id-228\" alt=\"demo-attachment-116-Ellipse-9\" srcset=\"https:\/\/asocelcuenco.com.ar\/wp-content\/uploads\/2020\/01\/Ellipse-9.svg 150w,https:\/\/asocelcuenco.com.ar\/wp-content\/uploads\/2020\/01\/Ellipse-9.svg 300w,https:\/\/asocelcuenco.com.ar\/wp-content\/uploads\/2020\/01\/Ellipse-9.svg 460w\" data-ratio=\"1\" data-original-w=\"460\" sizes=\"(max-width:479px) 480px,(max-width:767px) 768px,(max-width:1023px) 1024px,460px\" \/>            \n                <\/div>\n    <\/div>\n\n<\/section><!-- widget-container -->\t\t<\/div>\n\t\t\t\t<\/div>\n\t\t\t\t\t\t<\/div>\n\t\t\t\t\t<\/div>\n\t\t<\/div>\n\t\t\t\t\t\t\t\t<\/div>\n\t\t\t\t\t<\/div>\n\t\t<\/section>\n\t\t\t\t\t\t<\/div>\n\t\t\t\t\t<\/div>\n\t\t<\/div>\n\t\t\t\t\t\t\t\t<\/div>\n\t\t\t\t\t<\/div>\n\t\t<\/section>\n\t\t\t\t<section class=\"elementor-section elementor-top-section elementor-element elementor-element-dead17f elementor-section-boxed elementor-section-height-default elementor-section-height-default\" data-id=\"dead17f\" data-element_type=\"section\" id=\"Comunidad\">\n\t\t\t\t\t\t<div class=\"elementor-container elementor-column-gap-no\">\n\t\t\t\t\t\t\t<div class=\"elementor-row\">\n\t\t\t\t\t<div class=\"aux-parallax-section elementor-column elementor-col-100 elementor-top-column elementor-element elementor-element-97e00e9\" data-id=\"97e00e9\" data-element_type=\"column\">\n\t\t\t<div class=\"elementor-column-wrap elementor-element-populated\">\n\t\t\t\t\t\t\t<div class=\"elementor-widget-wrap\">\n\t\t\t\t\t\t<div class=\"elementor-element elementor-element-ce4f2cb aux-appear-watch-animation aux-fade-in-up-1 elementor-widget elementor-widget-aux_modern_heading\" data-id=\"ce4f2cb\" data-element_type=\"widget\" data-widget_type=\"aux_modern_heading.default\">\n\t\t\t\t<div class=\"elementor-widget-container\">\n\t\t\t<section class=\"aux-widget-modern-heading\">\n            <div class=\"aux-widget-inner\"><h2 class=\"aux-modern-heading-primary\">Nuestra Comunidad Educativa<\/h2><div class=\"aux-modern-heading-description\"><p>Organizaci\u00f3n de la Comunidad<\/p><\/div><\/div>\n        <\/section>\t\t<\/div>\n\t\t\t\t<\/div>\n\t\t\t\t<section class=\"elementor-section elementor-inner-section elementor-element elementor-element-45c25e9 elementor-section-boxed elementor-section-height-default elementor-section-height-default\" data-id=\"45c25e9\" data-element_type=\"section\">\n\t\t\t\t\t\t<div class=\"elementor-container elementor-column-gap-default\">\n\t\t\t\t\t\t\t<div class=\"elementor-row\">\n\t\t\t\t\t<div class=\"aux-parallax-section elementor-column elementor-col-50 elementor-inner-column elementor-element elementor-element-8ee473f\" data-id=\"8ee473f\" data-element_type=\"column\">\n\t\t\t<div class=\"elementor-column-wrap elementor-element-populated\">\n\t\t\t\t\t\t\t<div class=\"elementor-widget-wrap\">\n\t\t\t\t\t\t<div class=\"elementor-element elementor-element-9e66d7d elementor-widget elementor-widget-text-editor\" data-id=\"9e66d7d\" data-element_type=\"widget\" data-widget_type=\"text-editor.default\">\n\t\t\t\t<div class=\"elementor-widget-container\">\n\t\t\t\t\t\t\t\t<div class=\"elementor-text-editor elementor-clearfix\">\n\t\t\t\t<p>Nuestra escuela no tiene una direcci\u00f3n unipersonal,\u00a0 sino colegiada: el consejo de la totalidad de maestros\/as\u00a0 discuten los asuntos pedag\u00f3gicos y los ponen en marcha.<\/p><p>La comunidad educativa se conforma de familias, ni\u00f1os , maestros. Las familias y los maestros sostienen el funcionamiento de la instituci\u00f3n al servicio de la educaci\u00f3n de los ni\u00f1os. Los maestros\u00a0 aportan su tarea pedag\u00f3gica y las familias aportan los bienes materiales necesarios para desarrollarla, por ello las familias son consideradas coautoras de la tarea educativa a trav\u00e9s de su compromiso y su presencia continua en la escuela. La participaci\u00f3n de las familias es inherente a la estructura de las escuelas waldorf y su presencia activa se canaliza a trav\u00e9s de las comisiones, las cuales ayudan a sostener econ\u00f3micamente la escuela junto al aporte mensual de las familias.<\/p>\t\t\t\t\t<\/div>\n\t\t\t\t\t\t<\/div>\n\t\t\t\t<\/div>\n\t\t\t\t\t\t<\/div>\n\t\t\t\t\t<\/div>\n\t\t<\/div>\n\t\t\t\t<div class=\"aux-parallax-section elementor-column elementor-col-50 elementor-inner-column elementor-element elementor-element-157ebfa\" data-id=\"157ebfa\" data-element_type=\"column\">\n\t\t\t<div class=\"elementor-column-wrap elementor-element-populated\">\n\t\t\t\t\t\t\t<div class=\"elementor-widget-wrap\">\n\t\t\t\t\t\t<div class=\"elementor-element elementor-element-5ddee4d elementor-widget elementor-widget-image\" data-id=\"5ddee4d\" data-element_type=\"widget\" data-widget_type=\"image.default\">\n\t\t\t\t<div class=\"elementor-widget-container\">\n\t\t\t\t\t\t\t\t<div class=\"elementor-image\">\n\t\t\t\t\t\t\t\t\t\t\t\t<img width=\"650\" height=\"433\" src=\"https:\/\/asocelcuenco.com.ar\/wp-content\/uploads\/2022\/09\/tallerAbierto-2-ch.jpg\" class=\"attachment-large size-large\" alt=\"\" loading=\"lazy\" \/>\t\t\t\t\t\t\t\t\t\t\t\t\t\t<\/div>\n\t\t\t\t\t\t<\/div>\n\t\t\t\t<\/div>\n\t\t\t\t\t\t<\/div>\n\t\t\t\t\t<\/div>\n\t\t<\/div>\n\t\t\t\t\t\t\t\t<\/div>\n\t\t\t\t\t<\/div>\n\t\t<\/section>\n\t\t\t\t\t\t<\/div>\n\t\t\t\t\t<\/div>\n\t\t<\/div>\n\t\t\t\t\t\t\t\t<\/div>\n\t\t\t\t\t<\/div>\n\t\t<\/section>\n\t\t\t\t\t\t\t\t\t<\/div>\n\t\t\t<\/div>\n\t\t\t\t\t<\/div>\n\t\t","protected":false},"excerpt":{"rendered":"<p>https:\/\/youtu.be\/8dd0jWQHD8w Luego de varios a\u00f1os de gesti\u00f3n, capacitaci\u00f3n, formaci\u00f3n del equipo docente y frente a la creciente necesidad de continuidad pedag\u00f3gica de familias y estudiantes, en 2021 iniciamos con el proyecto de Nivel Secundario con primer a\u00f1o, en 2022 con primero y segundo, y as\u00ed sucesivamente acompa\u00f1ando el crecimiento org\u00e1nico de la matricula. El Cuenco [&hellip;]<\/p>\n","protected":false},"author":2,"featured_media":0,"parent":0,"menu_order":0,"comment_status":"closed","ping_status":"closed","template":"","meta":[],"_links":{"self":[{"href":"https:\/\/asocelcuenco.com.ar\/index.php\/wp-json\/wp\/v2\/pages\/564"}],"collection":[{"href":"https:\/\/asocelcuenco.com.ar\/index.php\/wp-json\/wp\/v2\/pages"}],"about":[{"href":"https:\/\/asocelcuenco.com.ar\/index.php\/wp-json\/wp\/v2\/types\/page"}],"author":[{"embeddable":true,"href":"https:\/\/asocelcuenco.com.ar\/index.php\/wp-json\/wp\/v2\/users\/2"}],"replies":[{"embeddable":true,"href":"https:\/\/asocelcuenco.com.ar\/index.php\/wp-json\/wp\/v2\/comments?post=564"}],"version-history":[{"count":8,"href":"https:\/\/asocelcuenco.com.ar\/index.php\/wp-json\/wp\/v2\/pages\/564\/revisions"}],"predecessor-version":[{"id":572,"href":"https:\/\/asocelcuenco.com.ar\/index.php\/wp-json\/wp\/v2\/pages\/564\/revisions\/572"}],"wp:attachment":[{"href":"https:\/\/asocelcuenco.com.ar\/index.php\/wp-json\/wp\/v2\/media?parent=564"}],"curies":[{"name":"wp","href":"https:\/\/api.w.org\/{rel}","templated":true}]}}